{"id":142,"date":"2025-02-26T13:18:17","date_gmt":"2025-02-26T13:18:17","guid":{"rendered":"https:\/\/havnekvartalet.com\/?page_id=142"},"modified":"2025-02-26T13:34:06","modified_gmt":"2025-02-26T13:34:06","slug":"artikler","status":"publish","type":"page","link":"https:\/\/havnekvartalet.com\/en\/artikler\/","title":{"rendered":"Artikler"},"content":{"rendered":"<div data-elementor-type=\"wp-page\" data-elementor-id=\"142\" class=\"elementor elementor-142\" data-elementor-post-type=\"page\">\n\t\t\t\t<div class=\"elementor-element elementor-element-1f3c837 e-flex e-con-boxed e-con e-parent\" data-id=\"1f3c837\" data-element_type=\"container\" data-e-type=\"container\" data-settings=\"{&quot;background_background&quot;:&quot;classic&quot;}\">\n\t\t\t\t\t<div class=\"e-con-inner\">\n\t\t\t\t<div class=\"elementor-element elementor-element-99ec1ea elementor-widget elementor-widget-heading\" data-id=\"99ec1ea\" data-element_type=\"widget\" data-e-type=\"widget\" data-widget_type=\"heading.default\">\n\t\t\t\t<div class=\"elementor-widget-container\">\n\t\t\t\t\t<h2 class=\"elementor-heading-title elementor-size-default\">Information from Havnekvartalet<\/h2>\t\t\t\t<\/div>\n\t\t\t\t<\/div>\n\t\t\t\t<div class=\"elementor-element elementor-element-262a6f8 elementor-widget elementor-widget-text-editor\" data-id=\"262a6f8\" data-element_type=\"widget\" data-e-type=\"widget\" data-widget_type=\"text-editor.default\">\n\t\t\t\t<div class=\"elementor-widget-container\">\n\t\t\t\t\t\t\t\t\t<p>Browse articles, updates, and stories from Havnekvartalet \u2014 from projects and sustainability to harbor activity and beyond.\nStay updated on how the district evolves over time.<\/p>\t\t\t\t\t\t\t\t<\/div>\n\t\t\t\t<\/div>\n\t\t\t\t<div class=\"elementor-element elementor-element-75a94de elementor-grid-3 elementor-grid-tablet-2 elementor-grid-mobile-1 elementor-posts--thumbnail-top elementor-card-shadow-yes elementor-posts__hover-gradient elementor-widget elementor-widget-posts\" data-id=\"75a94de\" data-element_type=\"widget\" data-e-type=\"widget\" data-settings=\"{&quot;cards_columns&quot;:&quot;3&quot;,&quot;cards_columns_tablet&quot;:&quot;2&quot;,&quot;cards_columns_mobile&quot;:&quot;1&quot;,&quot;cards_row_gap&quot;:{&quot;unit&quot;:&quot;px&quot;,&quot;size&quot;:35,&quot;sizes&quot;:[]},&quot;cards_row_gap_tablet&quot;:{&quot;unit&quot;:&quot;px&quot;,&quot;size&quot;:&quot;&quot;,&quot;sizes&quot;:[]},&quot;cards_row_gap_mobile&quot;:{&quot;unit&quot;:&quot;px&quot;,&quot;size&quot;:&quot;&quot;,&quot;sizes&quot;:[]}}\" data-widget_type=\"posts.cards\">\n\t\t\t\t<div class=\"elementor-widget-container\">\n\t\t\t\t\t\t\t<div class=\"elementor-posts-container elementor-posts elementor-posts--skin-cards elementor-grid\" role=\"list\">\n\t\t\t\t<article class=\"elementor-post elementor-grid-item post-345 post type-post status-publish format-standard has-post-thumbnail hentry category-uncategorized\" role=\"listitem\">\n\t\t\t<div class=\"elementor-post__card\">\n\t\t\t\t<a class=\"elementor-post__thumbnail__link\" href=\"https:\/\/havnekvartalet.com\/en\/et-steg-videre-vi-forbereder-utforming-og-bygging\/\" tabindex=\"-1\" ><div class=\"elementor-post__thumbnail\"><img fetchpriority=\"high\" decoding=\"async\" width=\"300\" height=\"225\" src=\"https:\/\/havnekvartalet.com\/wp-content\/uploads\/2025\/01\/Hammerfest_25_2205-7696-300x225.jpg\" class=\"attachment-medium size-medium wp-image-101\" alt=\"\" srcset=\"https:\/\/havnekvartalet.com\/wp-content\/uploads\/2025\/01\/Hammerfest_25_2205-7696-300x225.jpg 300w, https:\/\/havnekvartalet.com\/wp-content\/uploads\/2025\/01\/Hammerfest_25_2205-7696-1024x767.jpg 1024w, https:\/\/havnekvartalet.com\/wp-content\/uploads\/2025\/01\/Hammerfest_25_2205-7696-768x575.jpg 768w, https:\/\/havnekvartalet.com\/wp-content\/uploads\/2025\/01\/Hammerfest_25_2205-7696-1536x1150.jpg 1536w, https:\/\/havnekvartalet.com\/wp-content\/uploads\/2025\/01\/Hammerfest_25_2205-7696.jpg 1923w\" sizes=\"(max-width: 300px) 100vw, 300px\" \/><\/div><\/a>\n\t\t\t\t<div class=\"elementor-post__text\">\n\t\t\t\t<h3 class=\"elementor-post__title\">\n\t\t\t<a href=\"https:\/\/havnekvartalet.com\/en\/et-steg-videre-vi-forbereder-utforming-og-bygging\/\" >\n\t\t\t\tEt steg videre, vi forbereder utforming og bygging\u00a0\t\t\t<\/a>\n\t\t<\/h3>\n\t\t\t\t<div class=\"elementor-post__excerpt\">\n\t\t\t<p>Tidligere har vi i Havnekvartalet informert om endringer i reguleringsforslaget. Like etter nytt\u00e5r sendte vi inn oppdaterte analyser om blant annet luftkvalitet, st\u00f8y og klima.&nbsp; Siden den gang er det jobbet med \u00e5 forberede neste fase i prosjektet.&nbsp; S\u00e5 snart reguleringsplanen er vedtatt, starter en ny fase: Da skal byggene<\/p>\n\t\t<\/div>\n\t\t\t\t\t<div class=\"elementor-post__read-more-wrapper\">\n\t\t\n\t\t<a class=\"elementor-post__read-more\" href=\"https:\/\/havnekvartalet.com\/en\/et-steg-videre-vi-forbereder-utforming-og-bygging\/\" aria-label=\"Read more about Et steg videre, vi forbereder utforming og bygging\u00a0\" tabindex=\"-1\" >\n\t\t\tRead more\t\t<\/a>\n\n\t\t\t\t\t<\/div>\n\t\t\t\t<\/div>\n\t\t\t\t<div class=\"elementor-post__meta-data\">\n\t\t\t\t\t<span class=\"elementor-post-date\">\n\t\t\t7. April 2026\t\t<\/span>\n\t\t\t\t<\/div>\n\t\t\t\t\t<\/div>\n\t\t<\/article>\n\t\t\t\t<article class=\"elementor-post elementor-grid-item post-325 post type-post status-publish format-standard has-post-thumbnail hentry category-uncategorized\" role=\"listitem\">\n\t\t\t<div class=\"elementor-post__card\">\n\t\t\t\t<a class=\"elementor-post__thumbnail__link\" href=\"https:\/\/havnekvartalet.com\/en\/vi-onsker-samarbeid-om-prosjektutvikling\/\" tabindex=\"-1\" ><div class=\"elementor-post__thumbnail\"><img decoding=\"async\" width=\"300\" height=\"204\" src=\"https:\/\/havnekvartalet.com\/wp-content\/uploads\/2025\/12\/Havnekvartalet_faser_bilde-300x204.png\" class=\"attachment-medium size-medium wp-image-326\" alt=\"\" srcset=\"https:\/\/havnekvartalet.com\/wp-content\/uploads\/2025\/12\/Havnekvartalet_faser_bilde-300x204.png 300w, https:\/\/havnekvartalet.com\/wp-content\/uploads\/2025\/12\/Havnekvartalet_faser_bilde-18x12.png 18w, https:\/\/havnekvartalet.com\/wp-content\/uploads\/2025\/12\/Havnekvartalet_faser_bilde.png 530w\" sizes=\"(max-width: 300px) 100vw, 300px\" \/><\/div><\/a>\n\t\t\t\t<div class=\"elementor-post__text\">\n\t\t\t\t<h3 class=\"elementor-post__title\">\n\t\t\t<a href=\"https:\/\/havnekvartalet.com\/en\/vi-onsker-samarbeid-om-prosjektutvikling\/\" >\n\t\t\t\tVi \u00f8nsker samarbeid om prosjektutvikling\t\t\t<\/a>\n\t\t<\/h3>\n\t\t\t\t<div class=\"elementor-post__excerpt\">\n\t\t\t<p>N\u00e5r reguleringsprosessen n\u00e6rmer seg et vedtak og vi har en ferdig reguleringsplan starter vi neste hovedprosess med Havnekvartalet, det vil si utformingen av prosjektet. Havnekvartalet skal utvikles og bygges trinnvis, men under rammene av en overordnet og helhetlig utforming og arkitektur. Vi ser for oss en enhetlig skisse p\u00e5 hele<\/p>\n\t\t<\/div>\n\t\t\t\t\t<div class=\"elementor-post__read-more-wrapper\">\n\t\t\n\t\t<a class=\"elementor-post__read-more\" href=\"https:\/\/havnekvartalet.com\/en\/vi-onsker-samarbeid-om-prosjektutvikling\/\" aria-label=\"Read more about Vi \u00f8nsker samarbeid om prosjektutvikling\" tabindex=\"-1\" >\n\t\t\tRead more\t\t<\/a>\n\n\t\t\t\t\t<\/div>\n\t\t\t\t<\/div>\n\t\t\t\t<div class=\"elementor-post__meta-data\">\n\t\t\t\t\t<span class=\"elementor-post-date\">\n\t\t\t18. December 2025\t\t<\/span>\n\t\t\t\t<\/div>\n\t\t\t\t\t<\/div>\n\t\t<\/article>\n\t\t\t\t<article class=\"elementor-post elementor-grid-item post-317 post type-post status-publish format-standard has-post-thumbnail hentry category-uncategorized tag-byutvikling tag-kommunikasjon\" role=\"listitem\">\n\t\t\t<div class=\"elementor-post__card\">\n\t\t\t\t<a class=\"elementor-post__thumbnail__link\" href=\"https:\/\/havnekvartalet.com\/en\/karina-tar-over-etter-katrine\/\" tabindex=\"-1\" ><div class=\"elementor-post__thumbnail\"><img decoding=\"async\" width=\"300\" height=\"225\" src=\"https:\/\/havnekvartalet.com\/wp-content\/uploads\/2025\/12\/havnekvartalet-pro-barents-1-300x225.jpg\" class=\"attachment-medium size-medium wp-image-321\" alt=\"\" srcset=\"https:\/\/havnekvartalet.com\/wp-content\/uploads\/2025\/12\/havnekvartalet-pro-barents-1-300x225.jpg 300w, https:\/\/havnekvartalet.com\/wp-content\/uploads\/2025\/12\/havnekvartalet-pro-barents-1-1024x768.jpg 1024w, https:\/\/havnekvartalet.com\/wp-content\/uploads\/2025\/12\/havnekvartalet-pro-barents-1-768x576.jpg 768w, https:\/\/havnekvartalet.com\/wp-content\/uploads\/2025\/12\/havnekvartalet-pro-barents-1-1536x1152.jpg 1536w, https:\/\/havnekvartalet.com\/wp-content\/uploads\/2025\/12\/havnekvartalet-pro-barents-1-16x12.jpg 16w, https:\/\/havnekvartalet.com\/wp-content\/uploads\/2025\/12\/havnekvartalet-pro-barents-1.jpg 2048w\" sizes=\"(max-width: 300px) 100vw, 300px\" \/><\/div><\/a>\n\t\t\t\t<div class=\"elementor-post__text\">\n\t\t\t\t<h3 class=\"elementor-post__title\">\n\t\t\t<a href=\"https:\/\/havnekvartalet.com\/en\/karina-tar-over-etter-katrine\/\" >\n\t\t\t\tKarina tar over etter Katrine\t\t\t<\/a>\n\t\t<\/h3>\n\t\t\t\t<div class=\"elementor-post__excerpt\">\n\t\t\t<p>Katrine blir fra januar 2026 reiselivssjef i Visit Hammerfest. Det inneb\u00e6rer at hun dessverre m\u00e5 forlate sitt faste engasjement som kommunikasjonsr\u00e5dgiver og samfunnskontakt hos oss i Havnekvartalet. Vi \u00f8nsker Katrine lykke til i sin nye rolle, selv om hun vil bli savnet her hos oss! Fra venstre: Adm. dir i<\/p>\n\t\t<\/div>\n\t\t\t\t\t<div class=\"elementor-post__read-more-wrapper\">\n\t\t\n\t\t<a class=\"elementor-post__read-more\" href=\"https:\/\/havnekvartalet.com\/en\/karina-tar-over-etter-katrine\/\" aria-label=\"Read more about Karina tar over etter Katrine\" tabindex=\"-1\" >\n\t\t\tRead more\t\t<\/a>\n\n\t\t\t\t\t<\/div>\n\t\t\t\t<\/div>\n\t\t\t\t<div class=\"elementor-post__meta-data\">\n\t\t\t\t\t<span class=\"elementor-post-date\">\n\t\t\t9. December 2025\t\t<\/span>\n\t\t\t\t<\/div>\n\t\t\t\t\t<\/div>\n\t\t<\/article>\n\t\t\t\t<article class=\"elementor-post elementor-grid-item post-261 post type-post status-publish format-standard has-post-thumbnail hentry category-uncategorized tag-byutvikling tag-havnekvartalet tag-reguleringsplan\" role=\"listitem\">\n\t\t\t<div class=\"elementor-post__card\">\n\t\t\t\t<a class=\"elementor-post__thumbnail__link\" href=\"https:\/\/havnekvartalet.com\/en\/vi-justerer-reguleringsplanforslaget\/\" tabindex=\"-1\" ><div class=\"elementor-post__thumbnail\"><img loading=\"lazy\" decoding=\"async\" width=\"300\" height=\"200\" src=\"https:\/\/havnekvartalet.com\/wp-content\/uploads\/2025\/02\/RIN09051-300x200.jpg\" class=\"attachment-medium size-medium wp-image-123\" alt=\"\u00c5ge Alexandersen\" srcset=\"https:\/\/havnekvartalet.com\/wp-content\/uploads\/2025\/02\/RIN09051-300x200.jpg 300w, https:\/\/havnekvartalet.com\/wp-content\/uploads\/2025\/02\/RIN09051-1024x683.jpg 1024w, https:\/\/havnekvartalet.com\/wp-content\/uploads\/2025\/02\/RIN09051-768x512.jpg 768w, https:\/\/havnekvartalet.com\/wp-content\/uploads\/2025\/02\/RIN09051-1536x1025.jpg 1536w, https:\/\/havnekvartalet.com\/wp-content\/uploads\/2025\/02\/RIN09051-600x400.jpg 600w\" sizes=\"(max-width: 300px) 100vw, 300px\" \/><\/div><\/a>\n\t\t\t\t<div class=\"elementor-post__text\">\n\t\t\t\t<h3 class=\"elementor-post__title\">\n\t\t\t<a href=\"https:\/\/havnekvartalet.com\/en\/vi-justerer-reguleringsplanforslaget\/\" >\n\t\t\t\tVi justerer reguleringsplanforslaget\t\t\t<\/a>\n\t\t<\/h3>\n\t\t\t\t<div class=\"elementor-post__excerpt\">\n\t\t\t<p>L\u00f8ypemelding: Reduserer totalvolumet p\u00e5 Havnekvartalet &#8211; et grep som \u00f8ker bokvaliteten&#8230;<\/p>\t\t<\/div>\n\t\t\t\t\t<div class=\"elementor-post__read-more-wrapper\">\n\t\t\n\t\t<a class=\"elementor-post__read-more\" href=\"https:\/\/havnekvartalet.com\/en\/vi-justerer-reguleringsplanforslaget\/\" aria-label=\"Read more about Vi justerer reguleringsplanforslaget\" tabindex=\"-1\" >\n\t\t\tRead more\t\t<\/a>\n\n\t\t\t\t\t<\/div>\n\t\t\t\t<\/div>\n\t\t\t\t<div class=\"elementor-post__meta-data\">\n\t\t\t\t\t<span class=\"elementor-post-date\">\n\t\t\t15. October 2025\t\t<\/span>\n\t\t\t\t<\/div>\n\t\t\t\t\t<\/div>\n\t\t<\/article>\n\t\t\t\t<article class=\"elementor-post elementor-grid-item post-160 post type-post status-publish format-standard has-post-thumbnail hentry category-uncategorized tag-havnekvartalet tag-reguleringsplan\" role=\"listitem\">\n\t\t\t<div class=\"elementor-post__card\">\n\t\t\t\t<a class=\"elementor-post__thumbnail__link\" href=\"https:\/\/havnekvartalet.com\/en\/reguleringsplanforslaget-2\/\" tabindex=\"-1\" ><div class=\"elementor-post__thumbnail\"><img loading=\"lazy\" decoding=\"async\" width=\"300\" height=\"192\" src=\"https:\/\/havnekvartalet.com\/wp-content\/uploads\/2025\/03\/reguleringsplan-300x192.png\" class=\"attachment-medium size-medium wp-image-155\" alt=\"Regulering Havnekvartalet\" srcset=\"https:\/\/havnekvartalet.com\/wp-content\/uploads\/2025\/03\/reguleringsplan-300x192.png 300w, https:\/\/havnekvartalet.com\/wp-content\/uploads\/2025\/03\/reguleringsplan-1024x655.png 1024w, https:\/\/havnekvartalet.com\/wp-content\/uploads\/2025\/03\/reguleringsplan-768x491.png 768w, https:\/\/havnekvartalet.com\/wp-content\/uploads\/2025\/03\/reguleringsplan.png 1094w\" sizes=\"(max-width: 300px) 100vw, 300px\" \/><\/div><\/a>\n\t\t\t\t<div class=\"elementor-post__text\">\n\t\t\t\t<h3 class=\"elementor-post__title\">\n\t\t\t<a href=\"https:\/\/havnekvartalet.com\/en\/reguleringsplanforslaget-2\/\" >\n\t\t\t\tZoning Plan\t\t\t<\/a>\n\t\t<\/h3>\n\t\t\t\t<div class=\"elementor-post__excerpt\">\n\t\t\t<p>The zoning plan represents the regulatory framework set by the building authorities for developing a specific area.\nThe zoning plan is part of a larger planning hierarchy \u2014 in our case, the municipal sub-plan and the area zoning for Hammerfest city center (the City Center Plan).<\/p>\t\t<\/div>\n\t\t\t\t\t<div class=\"elementor-post__read-more-wrapper\">\n\t\t\n\t\t<a class=\"elementor-post__read-more\" href=\"https:\/\/havnekvartalet.com\/en\/reguleringsplanforslaget-2\/\" aria-label=\"Read more about Regulerings\u00adplan\u00adforslaget\" tabindex=\"-1\" >\n\t\t\tRead more\t\t<\/a>\n\n\t\t\t\t\t<\/div>\n\t\t\t\t<\/div>\n\t\t\t\t<div class=\"elementor-post__meta-data\">\n\t\t\t\t\t<span class=\"elementor-post-date\">\n\t\t\t5. March 2025\t\t<\/span>\n\t\t\t\t<\/div>\n\t\t\t\t\t<\/div>\n\t\t<\/article>\n\t\t\t\t<article class=\"elementor-post elementor-grid-item post-128 post type-post status-publish format-standard has-post-thumbnail hentry category-uncategorized\" role=\"listitem\">\n\t\t\t<div class=\"elementor-post__card\">\n\t\t\t\t<a class=\"elementor-post__thumbnail__link\" href=\"https:\/\/havnekvartalet.com\/en\/hva-onsker-ungdommene-seg\/\" tabindex=\"-1\" ><div class=\"elementor-post__thumbnail\"><img loading=\"lazy\" decoding=\"async\" width=\"300\" height=\"169\" src=\"https:\/\/havnekvartalet.com\/wp-content\/uploads\/2025\/02\/ungdom1-scaled-e1740577894714-300x169.jpeg\" class=\"attachment-medium size-medium wp-image-130\" alt=\"Workshop med ungdommer for Havnekvartalet\" srcset=\"https:\/\/havnekvartalet.com\/wp-content\/uploads\/2025\/02\/ungdom1-scaled-e1740577894714-300x169.jpeg 300w, https:\/\/havnekvartalet.com\/wp-content\/uploads\/2025\/02\/ungdom1-scaled-e1740577894714-1024x577.jpeg 1024w, https:\/\/havnekvartalet.com\/wp-content\/uploads\/2025\/02\/ungdom1-scaled-e1740577894714-768x433.jpeg 768w, https:\/\/havnekvartalet.com\/wp-content\/uploads\/2025\/02\/ungdom1-scaled-e1740577894714-1536x865.jpeg 1536w, https:\/\/havnekvartalet.com\/wp-content\/uploads\/2025\/02\/ungdom1-scaled-e1740577894714-2048x1154.jpeg 2048w\" sizes=\"(max-width: 300px) 100vw, 300px\" \/><\/div><\/a>\n\t\t\t\t<div class=\"elementor-post__text\">\n\t\t\t\t<h3 class=\"elementor-post__title\">\n\t\t\t<a href=\"https:\/\/havnekvartalet.com\/en\/hva-onsker-ungdommene-seg\/\" >\n\t\t\t\tWhat are the hopes and needs of today\u2019s youth?\t\t\t<\/a>\n\t\t<\/h3>\n\t\t\t\t<div class=\"elementor-post__excerpt\">\n\t\t\t<p>It was clear that the young people wanted a shopping mall, more stores, and fast food.<\/p>\t\t<\/div>\n\t\t\t\t\t<div class=\"elementor-post__read-more-wrapper\">\n\t\t\n\t\t<a class=\"elementor-post__read-more\" href=\"https:\/\/havnekvartalet.com\/en\/hva-onsker-ungdommene-seg\/\" aria-label=\"Read more about Hva \u00f8nsker ungdommene seg?\" tabindex=\"-1\" >\n\t\t\tRead more\t\t<\/a>\n\n\t\t\t\t\t<\/div>\n\t\t\t\t<\/div>\n\t\t\t\t<div class=\"elementor-post__meta-data\">\n\t\t\t\t\t<span class=\"elementor-post-date\">\n\t\t\t25. February 2025\t\t<\/span>\n\t\t\t\t<\/div>\n\t\t\t\t\t<\/div>\n\t\t<\/article>\n\t\t\t\t<\/div>\n\t\t\n\t\t\t\t\t\t<\/div>\n\t\t\t\t<\/div>\n\t\t\t\t\t<\/div>\n\t\t\t\t<\/div>\n\t\t\t\t<\/div>","protected":false},"excerpt":{"rendered":"<p>Informasjon fra Havnekvartalet Her finner du et arkiv over nyheter, oppdateringer og innsikt om utviklingen i Havnekvartalet. Fra prosjekter og investeringer til b\u00e6rekraftige l\u00f8sninger og havneaktivitet \u2013 bla gjennom tidligere artikler og f\u00f8lg havnens utvikling over tid.<\/p>","protected":false},"author":6,"featured_media":0,"parent":0,"menu_order":0,"comment_status":"closed","ping_status":"closed","template":"elementor_header_footer","meta":{"_acf_changed":false,"footnotes":""},"class_list":["post-142","page","type-page","status-publish","hentry"],"acf":[],"_links":{"self":[{"href":"https:\/\/havnekvartalet.com\/en\/wp-json\/wp\/v2\/pages\/142","targetHints":{"allow":["GET"]}}],"collection":[{"href":"https:\/\/havnekvartalet.com\/en\/wp-json\/wp\/v2\/pages"}],"about":[{"href":"https:\/\/havnekvartalet.com\/en\/wp-json\/wp\/v2\/types\/page"}],"author":[{"embeddable":true,"href":"https:\/\/havnekvartalet.com\/en\/wp-json\/wp\/v2\/users\/6"}],"replies":[{"embeddable":true,"href":"https:\/\/havnekvartalet.com\/en\/wp-json\/wp\/v2\/comments?post=142"}],"version-history":[{"count":0,"href":"https:\/\/havnekvartalet.com\/en\/wp-json\/wp\/v2\/pages\/142\/revisions"}],"wp:attachment":[{"href":"https:\/\/havnekvartalet.com\/en\/wp-json\/wp\/v2\/media?parent=142"}],"curies":[{"name":"wp","href":"https:\/\/api.w.org\/{rel}","templated":true}]}}